{"id":7208,"date":"2021-12-14T15:09:53","date_gmt":"2021-12-14T14:09:53","guid":{"rendered":"https:\/\/impozant.sk\/ochrana-sukromia\/"},"modified":"2024-07-03T07:27:50","modified_gmt":"2024-07-03T05:27:50","slug":"zasady-ochrony-danych-osobowych","status":"publish","type":"page","link":"https:\/\/impozant.sk\/pl\/zasady-ochrony-danych-osobowych\/","title":{"rendered":"Zasady ochrony danych osobowych"},"content":{"rendered":"<p><\/p>\r\n<p><b>IMPOZANT, s.r.o., Z\u00e1borsk\u00e9ho 2, Martin 03645, nr identyfikacyjny firmy: 44511612<\/b><\/p>\r\n<p><span style=\"font-weight: 400;\">jako administrator danych, w celu zachowania uczciwo\u015bci i przejrzysto\u015bci wobec os\u00f3b, kt\u00f3rych dane dotycz\u0105, przekazuje osobie, kt\u00f3rej dane dotycz\u0105, nast\u0119puj\u0105ce informacje dotycz\u0105ce przetwarzania danych osobowych zgodnie z art. 13 i 14 rozporz\u0105dzenia Parlamentu Europejskiego i Rady (UE) 2016\/679 z dnia 27 kwietnia 2016 r. w sprawie ochrony os\u00f3b fizycznych w zwi\u0105zku z przetwarzaniem danych osobowych i w sprawie swobodnego przep\u0142ywu takich danych (zwanego dalej \u201erozporz\u0105dzeniem\u201d) oraz sekcj\u0105 19 ustawy nr 18\/2018 Dz.U. o ochronie danych osobowych oraz o zmianach i uzupe\u0142nieniach niekt\u00f3rych ustaw pod nazw\u0105<\/span><\/p>\r\n<p>&nbsp;<\/p>\r\n<p><b>POLITYKA PRYWATNO\u015aCI<\/b><\/p>\r\n<p><span style=\"font-weight: 400;\">\u00a0<\/span><\/p>\r\n<p><b>Cel przetwarzania danych osobowych w Rejestrze dokument\u00f3w ksi\u0119gowych i\u00a0podatkowych:<\/b><\/p>\r\n<p><span style=\"font-weight: 400;\">Dzia\u0142alno\u015b\u0107 obejmuje przetwarzanie danych osobowych w zakresie przetwarzania dokument\u00f3w ksi\u0119gowych i agendy zwi\u0105zanej z ich przetwarzaniem<\/span><\/p>\r\n<p><b>Rodzaj os\u00f3b, kt\u00f3rych dane dotycz\u0105:\u00a0<\/b><span style=\"font-weight: 400;\">osoby fizyczne &#8211; klienci, pracownicy<\/span><\/p>\r\n<p><b>Wykaz danych osobowych:\u00a0<\/b><span style=\"font-weight: 400;\">imi\u0119, nazwisko, tytu\u0142, adres sta\u0142y, adres tymczasowy, numer telefonu, adres e-mail, data urodzenia, rodzaj i numer dokumentu to\u017csamo\u015bci, podpis, numer rachunku bankowego osoby fizycznej<\/span><\/p>\r\n<p><b>Podstawa prawna przetwarzania danych\u00a0osobowych:<\/b><span style=\"font-weight: 400;\"> ustawa nr 431\/2002 Dz.U. o rachunkowo\u015bci z p\u00f3\u017aniejszymi zmianami, ustawa nr 222\/2004 Dz.U. o podatku od warto\u015bci dodanej z p\u00f3\u017aniejszymi zmianami, ustawa nr 40\/1964 Dz. U. o funduszu socjalnym oraz o zmianie i uzupe\u0142nieniu ustawy nr 286\/1992 Dz.U. o podatku dochodowym z p\u00f3\u017aniejszymi zmianami, ustawa nr 311\/2001 Dz.U. Kodeks pracy z p\u00f3\u017aniejszymi zmianami<\/span><\/p>\r\n<p><b>Kategorie odbiorc\u00f3w:<\/b><span style=\"font-weight: 400;\">\u00a0ubezpieczenie spo\u0142eczne, ubezpieczenie zdrowotne, organy podatkowe i organy, kt\u00f3rym specjalne rozporz\u0105dzenie przyznaje uprawnienia do decydowania o prawach i obowi\u0105zkach os\u00f3b fizycznych: s\u0105dy, organy \u015bcigania i po\u015brednicy: GEO \u2013 NET, s. r. o., Z\u00e1borsk\u00e9ho 2 036 45 Martin, 36424706<\/span><\/p>\r\n<p><b>Dane osobowe nie s\u0105 przekazywane do kraj\u00f3w trzecich<\/b><span style=\"font-weight: 400;\">.<\/span><\/p>\r\n<p><b>Terminy usuni\u0119cia danych osobowych:<\/b><\/p>\r\n<table>\r\n<tbody>\r\n<tr>\r\n<td>\r\n<p><span style=\"font-weight: 400;\">dokumenty ksi\u0119gowe<\/span><\/p>\r\n<\/td>\r\n<td>\r\n<p><span style=\"font-weight: 400;\">10 lat<\/span><\/p>\r\n<\/td>\r\n<\/tr>\r\n<\/tbody>\r\n<\/table>\r\n<p><b>Zautomatyzowane podejmowanie decyzji, w tym profilowanie, nie ma miejsca.<\/b><\/p>\r\n<p><span style=\"font-weight: 400;\">w celu zachowania zgodno\u015bci z zasad\u0105 minimalizacji, wszelkie dane osobowe przekazane przez u\u017cytkownika s\u0105 niezb\u0119dnym wymogiem prawnym dla realizacji celu ich przetwarzania.<\/span><\/p>\r\n<p><span style=\"font-weight: 400;\">\u00a0<\/span><\/p>\r\n<p><b>Cel przetwarzania danych osobowych w Rejestrze poczty przychodz\u0105cej i wychodz\u0105cej oraz w zarz\u0105dzaniu rejestrem:<\/b><\/p>\r\n<p><span style=\"font-weight: 400;\">Dzia\u0142alno\u015b\u0107 obejmuje przetwarzanie danych osobowych w zakresie rejestracji poczty przychodz\u0105cej i wychodz\u0105cej oraz czynno\u015bci zwi\u0105zanych z zarz\u0105dzaniem rejestrem<\/span><\/p>\r\n<p><b>Rodzaj os\u00f3b, kt\u00f3rych dane dotycz\u0105:\u00a0<\/b><span style=\"font-weight: 400;\">osoby fizyczne &#8211; adresaci, pracownicy<\/span><\/p>\r\n<p><b>Wykaz danych osobowych:\u00a0<\/b><span style=\"font-weight: 400;\">imi\u0119, nazwisko, tytu\u0142, adres, nazwa organizacji, stanowisko, adres e-mail, temat i tre\u015b\u0107 wiadomo\u015bci e-mail<\/span><\/p>\r\n<p><b>Podstawa prawna przetwarzania danych osobowych:\u00a0<\/b><span style=\"font-weight: 400;\">Ustawa nr 395\/2002 Dz. u. o archiwach i rejestrach oraz o zmianie niekt\u00f3rych ustaw, z p\u00f3\u017aniejszymi zmianami<\/span><\/p>\r\n<p><b>Kategorie odbiorc\u00f3w:<\/b><span style=\"font-weight: 400;\">\u00a0podmioty, kt\u00f3rym konkretny przepis przyznaje kompetencje do decydowania o prawach i obowi\u0105zkach os\u00f3b fizycznych: s\u0105dy, organy \u015bcigania<\/span><\/p>\r\n<p><b>Dane osobowe nie s\u0105 przekazywane do kraj\u00f3w trzecich<\/b><span style=\"font-weight: 400;\">.<\/span><\/p>\r\n<p><b>Terminy usuni\u0119cia danych osobowych:<\/b><\/p>\r\n<table>\r\n<tbody>\r\n<tr>\r\n<td>\r\n<p><span style=\"font-weight: 400;\">Zwyk\u0142a korespondencja\u00a0<\/span><\/p>\r\n<\/td>\r\n<td>\r\n<p><span style=\"font-weight: 400;\">3 lata\u00a0<\/span><\/p>\r\n<\/td>\r\n<\/tr>\r\n<\/tbody>\r\n<\/table>\r\n<p><b>Zautomatyzowane podejmowanie decyzji, w tym profilowanie, nie ma miejsca.<\/b><\/p>\r\n<p><span style=\"font-weight: 400;\">w celu zachowania zgodno\u015bci z zasad\u0105 minimalizacji, wszelkie dane osobowe przekazane przez u\u017cytkownika s\u0105 niezb\u0119dnym wymogiem prawnym dla realizacji celu ich przetwarzania.<\/span><\/p>\r\n<p><span style=\"font-weight: 400;\">\u00a0<\/span><\/p>\r\n<p><b>Cel przetwarzania danych osobowych w Rejestrze Um\u00f3w:<\/b><\/p>\r\n<p><span style=\"font-weight: 400;\">Dzia\u0142anie obejmuje przetwarzanie danych osobowych, kt\u00f3re jest niezb\u0119dne do wykonania umowy, kt\u00f3rej stron\u0105 jest osoba, kt\u00f3rej dane dotycz\u0105, lub do podj\u0119cia dzia\u0142a\u0144 przed zawarciem umowy na \u017c\u0105danie osoby, kt\u00f3rej dane dotycz\u0105<\/span><\/p>\r\n<p><b>Rodzaj os\u00f3b, kt\u00f3rych dane dotycz\u0105:\u00a0<\/b><span style=\"font-weight: 400;\">osoby fizyczne &#8211; strona umowy<\/span><\/p>\r\n<p><b>Wykaz danych osobowych:\u00a0<\/b><span style=\"font-weight: 400;\">imi\u0119, nazwisko, tytu\u0142, miejsce sta\u0142ego\/czasowego zamieszkania, numer konta osoby fizycznej, nazwa banku, numer dowodu osobistego, dane dotycz\u0105ce przedmiotu umowy<\/span><\/p>\r\n<p><b>Podstawa prawna przetwarzania danych osobowych:\u00a0<\/b><span style=\"font-weight: 400;\">\u00a7 13 ust. 1 lit. b) ustawy nr 18\/2018 Dz. U. o ochronie danych osobowych oraz o zmianie i uzupe\u0142nieniu niekt\u00f3rych ustaw<\/span><\/p>\r\n<p><b>Kategorie odbiorc\u00f3w:<\/b><span style=\"font-weight: 400;\">\u00a0podmioty, kt\u00f3rym konkretny przepis przyznaje kompetencje do decydowania o prawach i obowi\u0105zkach os\u00f3b fizycznych: s\u0105dy, organy \u015bcigania<\/span><\/p>\r\n<p><b>Dane osobowe nie s\u0105 przekazywane do kraj\u00f3w trzecich<\/b><span style=\"font-weight: 400;\">.<\/span><\/p>\r\n<p><b>Terminy usuni\u0119cia danych osobowych:<\/b><\/p>\r\n<table>\r\n<tbody>\r\n<tr>\r\n<td>\r\n<p><span style=\"font-weight: 400;\">umowy<\/span><\/p>\r\n<\/td>\r\n<td>\r\n<p><span style=\"font-weight: 400;\">10 lat<\/span><\/p>\r\n<\/td>\r\n<\/tr>\r\n<\/tbody>\r\n<\/table>\r\n<p><b>Zautomatyzowane podejmowanie decyzji, w tym profilowanie, nie ma miejsca.<\/b><\/p>\r\n<p><span style=\"font-weight: 400;\">w celu zachowania zgodno\u015bci z zasad\u0105 minimalizacji, wszelkie dane osobowe przekazane przez u\u017cytkownika s\u0105 niezb\u0119dnym wymogiem umownej dla realizacji celu ich przetwarzania.<\/span><\/p>\r\n<p><span style=\"font-weight: 400;\">\u00a0<\/span><\/p>\r\n<p><span style=\"font-weight: 400;\">\u00a0<\/span><\/p>\r\n<p><b>Cel przetwarzania danych osobowych &#8211; Zakwaterowani go\u015bcie:<\/b><\/p>\r\n<p><span style=\"font-weight: 400;\">W ramach dzia\u0142alno\u015bci nast\u0119puje przetwarzanie danych osobowych w zakresie rejestracji us\u0142ug hotelowych, go\u015bci hotelowych, rezerwacji pokoi, rejestracji danych osobowych w systemie hotelowym w banku go\u015bci oraz rejestracji go\u015bci &#8211; cudzoziemc\u00f3w<\/span><\/p>\r\n<p><b>Rodzaj os\u00f3b, kt\u00f3rych dane dotycz\u0105:\u00a0<\/b><span style=\"font-weight: 400;\">go\u015bcie<\/span><\/p>\r\n<p><b>Wykaz danych osobowych:\u00a0<\/b><span style=\"font-weight: 400;\">imi\u0119, nazwisko, tytu\u0142, data i miejsce urodzenia, obywatelstwo, sta\u0142e miejsce zamieszkania w kraju pochodzenia, cel podr\u00f3\u017cy do Republiki S\u0142owackiej, numer paszportu, wiza: rodzaj, numer, wa\u017cno\u015b\u0107, nazwa i adres obiektu zakwaterowania na S\u0142owacji, towarzysz\u0105ce dzieci, d\u0142ugo\u015b\u0107 pobytu na S\u0142owacji<\/span><\/p>\r\n<p><b>Podstawa prawna przetwarzania danych osobowych:\u00a0<\/b><span style=\"font-weight: 400;\">Ustawa nr 40\/1964 Dz.U. Kodeks cywilny, ustawa nr 455\/1991 Dz.U. w sprawie licencjonowania handlu nr 595\/2003 Dz.U. o podatku dochodowym, ustawa nr 582\/2004 Dz.U. o podatkach lokalnych i podatku miejscowym dla odpad\u00f3w komunalnych i ma\u0142ych odpad\u00f3w budowlanych, z p\u00f3\u017aniejszymi zmianami, ustawa nr 222\/2004 Dz.U. o podatku od warto\u015bci dodanej, ustawa nr 404\/2011 o pobycie cudzoziemc\u00f3w oraz o zmianie i uzupe\u0142nieniu niekt\u00f3rych ustaw, ustawa nr 431\/2002 Dz.U. o rachunkowo\u015bci, ustawa nr 496\/2008 Dz.U. pe\u0142ny tekst ustawy nr 253\/1998 Dz.U. o powiadomieniu o pobycie obywateli Republiki S\u0142owackiej i Rejestrze rezydent\u00f3w Republiki S\u0142owackiej, z p\u00f3\u017aniejszymi zmianami<\/span><\/p>\r\n<p><b>Kategorie odbiorc\u00f3w:<\/b><span style=\"font-weight: 400;\">\u00a0podmioty, kt\u00f3rym konkretny przepis przyznaje kompetencje do decydowania o prawach i obowi\u0105zkach os\u00f3b fizycznych: s\u0105dy, organy \u015bcigania<\/span><\/p>\r\n<p><b>Dane osobowe nie s\u0105 przekazywane do kraj\u00f3w trzecich<\/b><span style=\"font-weight: 400;\">.<\/span><\/p>\r\n<p><b>Terminy usuni\u0119cia danych osobowych:<\/b><\/p>\r\n<table>\r\n<tbody>\r\n<tr>\r\n<td>\r\n<p><span style=\"font-weight: 400;\">Rejestr go\u015bci<\/span><\/p>\r\n<\/td>\r\n<td>\r\n<p><span style=\"font-weight: 400;\">10 lat<\/span><\/p>\r\n<\/td>\r\n<\/tr>\r\n<\/tbody>\r\n<\/table>\r\n<p><span style=\"font-weight: 400;\">Zautomatyzowane podejmowanie decyzji, w tym profilowanie, nie ma miejsca.<\/span><\/p>\r\n<p><span style=\"font-weight: 400;\">w celu zachowania zgodno\u015bci z zasad\u0105 minimalizacji, wszelkie dane osobowe przekazane przez u\u017cytkownika s\u0105 niezb\u0119dnym wymogiem prawnym dla realizacji celu ich przetwarzania.<\/span><\/p>\r\n<p><span style=\"font-weight: 400;\">\u00a0<\/span><span style=\"font-weight: 400;\">\u00a0<\/span><\/p>\r\n<p><b>Cel przetwarzania danych osobowych w rejestrze reklamacji:<\/b><\/p>\r\n<p><span style=\"font-weight: 400;\">W ramach dzia\u0142alno\u015bci dane osobowe s\u0105 przetwarzane podczas rejestracji os\u00f3b w celu dochodzenia roszcze\u0144.<\/span><\/p>\r\n<p><b>Zakres os\u00f3b dotkni\u0119tych:\u00a0<\/b><span style=\"font-weight: 400;\">osoby fizyczne \u2013 klienci<\/span><\/p>\r\n<p><b>Lista danych osobowych:\u00a0<\/b><span style=\"font-weight: 400;\">imi\u0119, nazwisko, tytu\u0142, miejsce zamieszkania, telefon, e-mail i charakter reklamacji<\/span><\/p>\r\n<p><b>Podstawa prawna przetwarzania danych osobowych:\u00a0<\/b><span style=\"font-weight: 400;\">Ustawa nr 40\/1964 Dz.U. Kodeks cywilny z p\u00f3\u017aniejszymi zmianami, ustawa nr 250\/2007 Dz.U. o ochronie konsument\u00f3w i o zmianie ustawy S\u0142owackiej Rady Narodowej nr 372\/1990 Dz.U. o wykroczeniach, z p\u00f3\u017aniejszymi zmianami oraz inne powi\u0105zane og\u00f3lnie obowi\u0105zuj\u0105ce przepisy prawne<\/span><\/p>\r\n<p><b>Kategorie odbiorc\u00f3w:\u00a0<\/b><span style=\"font-weight: 400;\">SOI<\/span><b>\u00a0&#8211;\u00a0<\/b><span style=\"font-weight: 400;\">Ustawa nr 128\/2002 Dz. U. o pa\u0144stwowej kontroli rynku wewn\u0119trznego w sprawach ochrony konsument\u00f3w oraz o zmianie i uzupe\u0142nieniu niekt\u00f3rych ustaw i podmiot\u00f3w, kt\u00f3rym specjalne rozporz\u0105dzenie przyznaje w\u0142a\u015bciwo\u015b\u0107 do decydowania o prawach i obowi\u0105zkach os\u00f3b fizycznych: s\u0105dy, organy \u015bcigania<\/span><\/p>\r\n<p><b>Dane osobowe nie s\u0105 przekazywane do kraj\u00f3w trzecich<\/b><span style=\"font-weight: 400;\">.<\/span><\/p>\r\n<p><b>Terminy usuni\u0119cia danych osobowych:<\/b><\/p>\r\n<table>\r\n<tbody>\r\n<tr>\r\n<td>\r\n<p><span style=\"font-weight: 400;\">reklamacje\u00a0<\/span><\/p>\r\n<\/td>\r\n<td>\r\n<p><span style=\"font-weight: 400;\">10 lat<\/span><\/p>\r\n<\/td>\r\n<\/tr>\r\n<\/tbody>\r\n<\/table>\r\n<p><b>Zautomatyzowane podejmowanie decyzji, w tym profilowanie, nie ma miejsca.<\/b><\/p>\r\n<p><span style=\"font-weight: 400;\">w celu zachowania zgodno\u015bci z zasad\u0105 minimalizacji, wszelkie dane osobowe przekazane przez u\u017cytkownika s\u0105 niezb\u0119dnym wymogiem prawnym dla realizacji celu ich przetwarzania.<\/span><\/p>\r\n<p><span style=\"font-weight: 400;\">\u00a0<\/span><\/p>\r\n<p><span style=\"font-weight: 400;\">\u00a0<\/span><\/p>\r\n<p><b>Cel przetwarzania danych osobowych &#8211; System rezerwacji:<\/b><\/p>\r\n<p><span style=\"font-weight: 400;\">Dzia\u0142alno\u015b\u0107 ta obejmuje przetwarzanie danych osobowych na potrzeby dokumentacji zwi\u0105zanej z rezerwacj\u0105 \u015bwiadczonych us\u0142ug.<\/span><\/p>\r\n<p><b>Kr\u0105g zainteresowanych os\u00f3b:\u00a0<\/b><span style=\"font-weight: 400;\">Osoby fizyczne &#8211; klienci<\/span><\/p>\r\n<p><b>Lista danych osobowych:\u00a0<\/b><span style=\"font-weight: 400;\">tytu\u0142, imi\u0119, nazwisko, numer telefonu, adres e-mail, data i godzina rezerwacji<\/span><\/p>\r\n<p><b>Podstawa prawna przetwarzania danych osobowych:\u00a0<\/b><span style=\"font-weight: 400;\">Zgoda osoby, kt\u00f3rej dane dotycz\u0105<\/span><\/p>\r\n<p><b>Kategorie odbiorc\u00f3w:<\/b><span style=\"font-weight: 400;\">\u00a0podmioty, kt\u00f3rym konkretny przepis przyznaje kompetencje do decydowania o prawach i obowi\u0105zkach os\u00f3b fizycznych: s\u0105dy, organy \u015bcigania<\/span><\/p>\r\n<p><b>Dane osobowe nie s\u0105 przekazywane do kraj\u00f3w trzecich<\/b><span style=\"font-weight: 400;\">.<\/span><\/p>\r\n<p><b>Terminy usuni\u0119cia danych osobowych:<\/b><\/p>\r\n<table>\r\n<tbody>\r\n<tr>\r\n<td>\r\n<p><span style=\"font-weight: 400;\">umowa<\/span><\/p>\r\n<\/td>\r\n<td>\r\n<p><span style=\"font-weight: 400;\">10 lat<\/span><\/p>\r\n<\/td>\r\n<\/tr>\r\n<\/tbody>\r\n<\/table>\r\n<p><b>Zautomatyzowane podejmowanie decyzji, w tym profilowanie, nie ma miejsca.<\/b><\/p>\r\n<p><span style=\"font-weight: 400;\">Osoba, kt\u00f3rej dane dotycz\u0105, ma prawo w dowolnym momencie wycofa\u0107 zgod\u0119 na przetwarzanie dotycz\u0105cych jej danych osobowych. Wycofanie zgody nie wp\u0142ywa na zgodno\u015b\u0107 z prawem przetwarzania danych osobowych na podstawie zgody przed jej wycofaniem; osoba, kt\u00f3rej dane dotycz\u0105, zostanie o tym poinformowana przed wyra\u017ceniem zgody. Osoba, kt\u00f3rej dane dotycz\u0105, mo\u017ce wycofa\u0107 zgod\u0119 w taki sam spos\u00f3b, w jaki jej udzieli\u0142a.<\/span><\/p>\r\n<p><span style=\"font-weight: 400;\">\u00a0<\/span><\/p>\r\n<p><span style=\"font-weight: 400;\">\u00a0<\/span><\/p>\r\n<p><b>Cel przetwarzania danych osobowych &#8211; Program lojalno\u015bciowy:<\/b><\/p>\r\n<p><span style=\"font-weight: 400;\">Przetwarzanie danych osobowych w celu zapewnienia rabat\u00f3w, bonus\u00f3w, program\u00f3w lojalno\u015bciowych.<\/span><\/p>\r\n<p><b>Rodzaj os\u00f3b, kt\u00f3rych dane dotycz\u0105:\u00a0<\/b><span style=\"font-weight: 400;\">osoby fizyczne &#8211; klienci<\/span><\/p>\r\n<p><b>Lista danych osobowych:\u00a0<\/b><span style=\"font-weight: 400;\">tytu\u0142, imi\u0119 i nazwisko, numer karty<\/span><\/p>\r\n<p><b>Podstawa prawna przetwarzania danych osobowych:\u00a0<\/b><span style=\"font-weight: 400;\">Zgoda osoby, kt\u00f3rej dane dotycz\u0105<\/span><\/p>\r\n<p><b>Kategorie odbiorc\u00f3w:<\/b><span style=\"font-weight: 400;\">\u00a0podmioty, kt\u00f3rym konkretny przepis przyznaje kompetencje do decydowania o prawach i obowi\u0105zkach os\u00f3b fizycznych: s\u0105dy, organy \u015bcigania<\/span><\/p>\r\n<p><b>Dane osobowe nie s\u0105 przekazywane do kraj\u00f3w trzecich<\/b><span style=\"font-weight: 400;\">.<\/span><\/p>\r\n<p><b>Terminy usuni\u0119cia danych osobowych:<\/b><\/p>\r\n<table>\r\n<tbody>\r\n<tr>\r\n<td>\r\n<p><span style=\"font-weight: 400;\">dane osobowe<\/span><\/p>\r\n<\/td>\r\n<td>\r\n<p><span style=\"font-weight: 400;\">na czas trwania celu<\/span><\/p>\r\n<\/td>\r\n<\/tr>\r\n<\/tbody>\r\n<\/table>\r\n<p><b>Zautomatyzowane podejmowanie decyzji, w tym profilowanie, nie ma miejsca.<\/b><\/p>\r\n<p><span style=\"font-weight: 400;\">Osoba, kt\u00f3rej dane dotycz\u0105, ma prawo w dowolnym momencie wycofa\u0107 zgod\u0119 na przetwarzanie dotycz\u0105cych jej danych osobowych. Wycofanie zgody nie wp\u0142ywa na zgodno\u015b\u0107 z prawem przetwarzania danych osobowych na podstawie zgody przed jej wycofaniem; osoba, kt\u00f3rej dane dotycz\u0105, zostanie o tym poinformowana przed wyra\u017ceniem zgody. Osoba, kt\u00f3rej dane dotycz\u0105, mo\u017ce wycofa\u0107 zgod\u0119 w taki sam spos\u00f3b, w jaki jej udzieli\u0142a.<\/span><\/p>\r\n<p><span style=\"font-weight: 400;\">\u00a0<\/span><\/p>\r\n<p><span style=\"font-weight: 400;\">\u00a0<\/span><\/p>\r\n<p><b>Cel przetwarzania danych osobowych &#8211; Konkurs konsumencki:<\/b><\/p>\r\n<p><span style=\"font-weight: 400;\">Dzia\u0142alno\u015b\u0107 obejmuje przetwarzanie danych osobowych w celu organizacji konkurs\u00f3w konsumenckich.<\/span><\/p>\r\n<p><b>Rodzaj os\u00f3b, kt\u00f3rych dane dotycz\u0105:\u00a0<\/b><span style=\"font-weight: 400;\">osoby fizyczne &#8211; klienci<\/span><\/p>\r\n<p><b>Lista danych osobowych:\u00a0<\/b><span style=\"font-weight: 400;\">imi\u0119, nazwisko, adres, data urodzenia, numer identyfikacyjny, e-mail, telefon i nagroda.<\/span><\/p>\r\n<p><b>Podstawa prawna przetwarzania danych osobowych:\u00a0<\/b><span style=\"font-weight: 400;\">Zgoda osoby, kt\u00f3rej dane dotycz\u0105<\/span><\/p>\r\n<p><b>Kategorie odbiorc\u00f3w:<\/b><span style=\"font-weight: 400;\">\u00a0podmioty, kt\u00f3rym konkretny przepis przyznaje kompetencje do decydowania o prawach i obowi\u0105zkach os\u00f3b fizycznych: s\u0105dy, organy \u015bcigania<\/span><\/p>\r\n<p><b>Dane osobowe nie s\u0105 przekazywane do kraj\u00f3w trzecich<\/b><span style=\"font-weight: 400;\">.<\/span><\/p>\r\n<p><b>Terminy usuni\u0119cia danych osobowych:<\/b><\/p>\r\n<table>\r\n<tbody>\r\n<tr>\r\n<td>\r\n<p><span style=\"font-weight: 400;\">dane osobowe uczestnik\u00f3w<\/span><\/p>\r\n<\/td>\r\n<td>\r\n<p><span style=\"font-weight: 400;\">na czas trwania celu<\/span><\/p>\r\n<\/td>\r\n<\/tr>\r\n<\/tbody>\r\n<\/table>\r\n<p><b>Zautomatyzowane podejmowanie decyzji, w tym profilowanie, nie ma miejsca.<\/b><\/p>\r\n<p><span style=\"font-weight: 400;\">Osoba, kt\u00f3rej dane dotycz\u0105, ma prawo w dowolnym momencie wycofa\u0107 zgod\u0119 na przetwarzanie dotycz\u0105cych jej danych osobowych. Wycofanie zgody nie wp\u0142ywa na zgodno\u015b\u0107 z prawem przetwarzania danych osobowych na podstawie zgody przed jej wycofaniem; osoba, kt\u00f3rej dane dotycz\u0105, zostanie o tym poinformowana przed wyra\u017ceniem zgody. Osoba, kt\u00f3rej dane dotycz\u0105, mo\u017ce wycofa\u0107 zgod\u0119 w taki sam spos\u00f3b, w jaki jej udzieli\u0142a.<\/span><\/p>\r\n<p><span style=\"font-weight: 400;\">\u00a0<\/span><\/p>\r\n<p><span style=\"font-weight: 400;\">\u00a0<\/span><\/p>\r\n<p><b>Cel przetwarzania danych osobowych &#8211; Zdj\u0119cia:<\/b><\/p>\r\n<p><span style=\"font-weight: 400;\">Dzia\u0142alno\u015b\u0107 ta obejmuje publikowanie zdj\u0119\u0107 na stronie internetowej operatora i w sieciach spo\u0142eczno\u015bciowych w celu prezentacji<\/span><\/p>\r\n<p><b>Zakres os\u00f3b dotkni\u0119tych:\u00a0<\/b><span style=\"font-weight: 400;\">pracownicy, go\u015bcie i uczestnicy wydarze\u0144\u00a0<\/span><\/p>\r\n<p><b>Lista danych osobowych:\u00a0<\/b><span style=\"font-weight: 400;\">zdj\u0119cie<\/span><\/p>\r\n<p><b>Podstawa prawna przetwarzania danych osobowych:\u00a0<\/b><span style=\"font-weight: 400;\">zgoda osoby, kt\u00f3rej dane dotycz\u0105<\/span><\/p>\r\n<p><b>Kategorie odbiorc\u00f3w:<\/b><span style=\"font-weight: 400;\">\u00a0podmioty, kt\u00f3rym konkretny przepis przyznaje kompetencje do decydowania o prawach i obowi\u0105zkach os\u00f3b fizycznych: s\u0105dy, organy \u015bcigania<\/span><\/p>\r\n<p><b>Dane osobowe nie s\u0105 przekazywane do kraj\u00f3w trzecich<\/b><span style=\"font-weight: 400;\">.<\/span><\/p>\r\n<p><b>Terminy usuni\u0119cia danych osobowych:<\/b><\/p>\r\n<table>\r\n<tbody>\r\n<tr>\r\n<td>\r\n<p><span style=\"font-weight: 400;\">zdj\u0119cia<\/span><\/p>\r\n<\/td>\r\n<td>\r\n<p><span style=\"font-weight: 400;\">na czas trwania zgody<\/span><\/p>\r\n<\/td>\r\n<\/tr>\r\n<\/tbody>\r\n<\/table>\r\n<p><span style=\"font-weight: 400;\">Zautomatyzowane podejmowanie decyzji, w tym profilowanie, nie ma miejsca.<\/span><\/p>\r\n<p><span style=\"font-weight: 400;\">Osoba, kt\u00f3rej dane dotycz\u0105, ma prawo w dowolnym momencie wycofa\u0107 zgod\u0119 na przetwarzanie dotycz\u0105cych jej danych osobowych. Wycofanie zgody nie wp\u0142ywa na zgodno\u015b\u0107 z prawem przetwarzania danych osobowych na podstawie zgody przed jej wycofaniem; osoba, kt\u00f3rej dane dotycz\u0105, zostanie o tym poinformowana przed wyra\u017ceniem zgody. Osoba, kt\u00f3rej dane dotycz\u0105, mo\u017ce wycofa\u0107 zgod\u0119 w taki sam spos\u00f3b, w jaki jej udzieli\u0142a.<\/span><\/p>\r\n<p><span style=\"font-weight: 400;\">\u00a0<\/span><\/p>\r\n<p><span style=\"font-weight: 400;\">\u00a0<\/span><\/p>\r\n<p><span style=\"font-weight: 400;\">\u00a0<\/span><\/p>\r\n<p><b>Cel przetwarzania danych osobowych w marketingu:<\/b><\/p>\r\n<p><span style=\"font-weight: 400;\">Przetwarzanie danych osobowych w rejestrach cz\u0142onk\u00f3w w celu wysy\u0142ania ofert marketingowych, biuletyn\u00f3w, informacji o produktach i wiadomo\u015bci<\/span><\/p>\r\n<p><b>Zainteresowane osoby:\u00a0<\/b><span style=\"font-weight: 400;\">osoby fizyczne<\/span><\/p>\r\n<p><b>Lista danych osobowych:\u00a0<\/b><span style=\"font-weight: 400;\">e-mail<\/span><\/p>\r\n<p><b>Podstawa prawna przetwarzania danych osobowych:\u00a0<\/b><span style=\"font-weight: 400;\">zgoda osoby, kt\u00f3rej dane dotycz\u0105<\/span><\/p>\r\n<p><b>Dane osobowe nie s\u0105 przekazywane do kraj\u00f3w trzecich<\/b><span style=\"font-weight: 400;\">.<\/span><\/p>\r\n<p><b>Terminy usuni\u0119cia danych osobowych:<\/b><\/p>\r\n<table>\r\n<tbody>\r\n<tr>\r\n<td>\r\n<p><span style=\"font-weight: 400;\">marketing<\/span><\/p>\r\n<\/td>\r\n<td>\r\n<p><span style=\"font-weight: 400;\">13 miesi\u0119cy<\/span><\/p>\r\n<\/td>\r\n<\/tr>\r\n<\/tbody>\r\n<\/table>\r\n<p><span style=\"font-weight: 400;\">Zautomatyzowane podejmowanie decyzji, w tym profilowanie, nie ma miejsca.<\/span><\/p>\r\n<p><span style=\"font-weight: 400;\">Osoba, kt\u00f3rej dane dotycz\u0105, ma prawo w dowolnym momencie wycofa\u0107 zgod\u0119 na przetwarzanie dotycz\u0105cych jej danych osobowych. Wycofanie zgody nie wp\u0142ywa na zgodno\u015b\u0107 z prawem przetwarzania danych osobowych na podstawie zgody przed jej wycofaniem; osoba, kt\u00f3rej dane dotycz\u0105, zostanie o tym poinformowana przed wyra\u017ceniem zgody. Osoba, kt\u00f3rej dane dotycz\u0105, mo\u017ce wycofa\u0107 zgod\u0119 w taki sam spos\u00f3b, w jaki jej udzieli\u0142a.<\/span><\/p>\r\n<p><span style=\"font-weight: 400;\">\u00a0<\/span><\/p>\r\n<p><span style=\"font-weight: 400;\">\u00a0<\/span><\/p>\r\n<p><b>Cel przetwarzania danych osobowych &#8211; Formularz kontaktowy:<\/b><\/p>\r\n<p><span style=\"font-weight: 400;\">W ramach dzia\u0142alno\u015bci dane osobowe w rejestrach klient\u00f3w s\u0105 przetwarzane w celu przes\u0142ania odpowiedzi na zadane pytanie<\/span><\/p>\r\n<p><b>Zakres os\u00f3b dotkni\u0119tych:\u00a0<\/b><span style=\"font-weight: 400;\">osoby fizyczne \u2013 klienci<\/span><\/p>\r\n<p><b>Wykaz danych osobowych:\u00a0<\/b><span style=\"font-weight: 400;\">tytu\u0142, imi\u0119 i nazwisko, numer telefonu, e-mail, tre\u015b\u0107 wiadomo\u015bci<\/span><\/p>\r\n<p><b>Podstawa prawna przetwarzania danych osobowych:\u00a0<\/b><span style=\"font-weight: 400;\">zgoda osoby, kt\u00f3rej dane dotycz\u0105<\/span><\/p>\r\n<p><b>Kategorie odbiorc\u00f3w:<\/b><span style=\"font-weight: 400;\">\u00a0podmioty, kt\u00f3rym konkretny przepis przyznaje kompetencje do decydowania o prawach i obowi\u0105zkach os\u00f3b fizycznych: s\u0105dy, organy \u015bcigania<\/span><\/p>\r\n<p><b>Dane osobowe nie s\u0105 przekazywane do kraj\u00f3w trzecich<\/b><span style=\"font-weight: 400;\">.<\/span><\/p>\r\n<p><b>Terminy usuni\u0119cia danych osobowych:<\/b><\/p>\r\n<table>\r\n<tbody>\r\n<tr>\r\n<td>\r\n<p><span style=\"font-weight: 400;\">formularz kontaktowy\u00a0<\/span><\/p>\r\n<\/td>\r\n<td>\r\n<p><span style=\"font-weight: 400;\">maksymalnie 6 miesi\u0119cy (w przypadku zgodno\u015bci z obowi\u0105zkami prawnymi lub roszczeniami prawnymi administratora na mocy obowi\u0105zuj\u0105cych przepis\u00f3w)<\/span><\/p>\r\n<\/td>\r\n<\/tr>\r\n<\/tbody>\r\n<\/table>\r\n<p><span style=\"font-weight: 400;\">Zautomatyzowane podejmowanie decyzji, w tym profilowanie, nie ma miejsca.<\/span><\/p>\r\n<p><span style=\"font-weight: 400;\">Osoba, kt\u00f3rej dane dotycz\u0105, ma prawo w dowolnym momencie wycofa\u0107 zgod\u0119 na przetwarzanie dotycz\u0105cych jej danych osobowych. Wycofanie zgody nie wp\u0142ywa na zgodno\u015b\u0107 z prawem przetwarzania danych osobowych na podstawie zgody przed jej wycofaniem; osoba, kt\u00f3rej dane dotycz\u0105, zostanie o tym poinformowana przed wyra\u017ceniem zgody. Osoba, kt\u00f3rej dane dotycz\u0105, mo\u017ce wycofa\u0107 zgod\u0119 w taki sam spos\u00f3b, w jaki jej udzieli\u0142a.<\/span><\/p>\r\n<p><span style=\"font-weight: 400;\">\u00a0<\/span><\/p>\r\n<p><span style=\"font-weight: 400;\">\u00a0<\/span><\/p>\r\n<p><b>Cel przetwarzania danych osobowych w kamerowym systemie informatycznym:<\/b><\/p>\r\n<p><span style=\"font-weight: 400;\">Przetwarzanie danych osobowych w celu ochrony porz\u0105dku i bezpiecze\u0144stwa publicznego, wykrywania przest\u0119pstw, ochrony zdrowia i mienia<\/span><\/p>\r\n<p><b>Osoby dotkni\u0119te:\u00a0<\/b><span style=\"font-weight: 400;\">osoby obecne w obszarze monitorowanym przez system CCTV<\/span><\/p>\r\n<p><b>Lista danych osobowych:<\/b><span style=\"font-weight: 400;\">\u00a0nagrania z kamer<\/span><\/p>\r\n<p><b>Podstawa prawna przetwarzania danych osobowych:\u00a0<\/b><span style=\"font-weight: 400;\">uzasadniony interes administratora danych<\/span><\/p>\r\n<p><b>Kategorie odbiorc\u00f3w:<\/b><span style=\"font-weight: 400;\">\u00a0podmioty, kt\u00f3rym konkretny przepis przyznaje kompetencje do decydowania o prawach i obowi\u0105zkach os\u00f3b fizycznych: s\u0105dy, organy \u015bcigania<\/span><\/p>\r\n<p><b>Dane osobowe nie s\u0105 przekazywane do kraj\u00f3w trzecich<\/b><span style=\"font-weight: 400;\">.<\/span><\/p>\r\n<p><b>Terminy usuni\u0119cia danych osobowych:<\/b><\/p>\r\n<table>\r\n<tbody>\r\n<tr>\r\n<td>\r\n<p><span style=\"font-weight: 400;\">nagrania audio\/wideo<\/span><\/p>\r\n<\/td>\r\n<td>\r\n<p><span style=\"font-weight: 400;\">7 dni<\/span><\/p>\r\n<\/td>\r\n<\/tr>\r\n<\/tbody>\r\n<\/table>\r\n<p><span style=\"font-weight: 400;\">Zautomatyzowane podejmowanie decyzji, w tym profilowanie, nie ma miejsca.<\/span><\/p>\r\n<p><span style=\"font-weight: 400;\">G\u0142\u00f3wnym uzasadnionym interesem jest ochrona w\u0142asno\u015bci, interes\u00f3w finansowych i innych interes\u00f3w administratora, a tak\u017ce ochrona w\u0142asno\u015bci, \u017cycia i zdrowia os\u00f3b, kt\u00f3rych dane dotycz\u0105.<\/span><\/p>\r\n<p><span style=\"font-weight: 400;\">\u00a0<\/span><\/p>\r\n<p><span style=\"font-weight: 400;\">\u00a0<\/span><\/p>\r\n<p><b>Osoby, kt\u00f3rych dane osobowe s\u0105 przetwarzane w okre\u015blonych celach, mog\u0105 korzysta\u0107 z nast\u0119puj\u0105cych praw:<\/b><\/p>\r\n<p><span style=\"font-weight: 400;\">Prawo do \u017c\u0105dania dost\u0119pu do swoich danych osobowych &#8211; prawo do sprostowania swoich danych osobowych &#8211; prawo do usuni\u0119cia swoich danych osobowych &#8211; prawo do ograniczenia przetwarzania swoich danych osobowych &#8211; prawo do wniesienia sprzeciwu wobec przetwarzania swoich danych osobowych &#8211; prawo do przenoszenia swoich danych osobowych &#8211; prawo do wniesienia skargi do organu nadzorczego, tj. do Urz\u0119du Ochrony Danych Osobowych Republiki S\u0142owackiej<\/span><\/p>\r\n<p><span style=\"font-weight: 400;\">Te prawa osoby, kt\u00f3rej dane dotycz\u0105, zosta\u0142y szczeg\u00f3\u0142owo okre\u015blone w art. 15-21 rozporz\u0105dzenia. Osoba, kt\u00f3rej dane dotycz\u0105, wykonuje te prawa zgodnie z rozporz\u0105dzeniem i innymi odpowiednimi przepisami. Osoba, kt\u00f3rej dane dotycz\u0105, mo\u017ce wykonywa\u0107 swoje prawa wobec administratora za pomoc\u0105 pisemnego wniosku lub drog\u0105 elektroniczn\u0105. W przypadku, gdy osoba, kt\u00f3rej dane dotycz\u0105, za\u017c\u0105da informacji ustnie, informacje mog\u0105 zosta\u0107 przekazane w ten spos\u00f3b, pod warunkiem, \u017ce osoba, kt\u00f3rej dane dotycz\u0105, przedstawi\u0142a dow\u00f3d swojej to\u017csamo\u015bci.<\/span><\/p>\r\n<p><span style=\"font-weight: 400;\">\u00a0<\/span><\/p>\r\n<p><span style=\"font-weight: 400;\">Sp\u00f3\u0142ka <\/span><b>IMPOZANT, s.r.o.<\/b><span style=\"font-weight: 400;\">\u00a0podj\u0119\u0142a wszelkie odpowiednie \u015brodki osobiste, organizacyjne i techniczne w celu ochrony danych osobowych w jak najwi\u0119kszym stopniu, aby zmniejszy\u0107 ryzyko ich niew\u0142a\u015bciwego wykorzystania. Zgodnie z naszym obowi\u0105zkiem wynikaj\u0105cym z art. 34 Rozporz\u0105dzenia, niniejszym informujemy osoby, kt\u00f3rych dane dotycz\u0105, \u017ce w przypadku zaistnienia sytuacji, w kt\u00f3rej jako administrator naruszymy ochron\u0119 ich danych osobowych w spos\u00f3b, kt\u00f3ry mo\u017ce powodowa\u0107 wysokie ryzyko naruszenia praw i wolno\u015bci os\u00f3b fizycznych, powiadomimy o tym bez zb\u0119dnej zw\u0142oki.<\/span><\/p>\r\n<p><span style=\"font-weight: 400;\">Przepisy prawa i zwi\u0105zane z nimi przetwarzanie danych osobowych u\u017cytkownika mog\u0105 ulec zmianie. Je\u015bli zdecydujemy si\u0119 zaktualizowa\u0107 niniejsze zasady, opublikujemy zmiany na naszej stronie internetowej i powiadomimy o nich u\u017cytkownika. W przypadkach, w kt\u00f3rych ma nast\u0105pi\u0107 istotna zmiana niniejszej polityki lub gdy jest to wymagane przez prawo, poinformujemy o tym u\u017cytkownika z wyprzedzeniem. Prosimy o uwa\u017cne zapoznanie si\u0119 z niniejsz\u0105 polityk\u0105 i regularne sprawdzanie jej podczas komunikacji z nami lub korzystania z naszej strony internetowej.<\/span><\/p>\r\n<p><span style=\"font-weight: 400;\">\u00a0<\/span><\/p>\r\n<p><span style=\"font-weight: 400;\">\u00a0<\/span><\/p>\r\n<p><span style=\"font-weight: 400;\">W przypadku jakichkolwiek pyta\u0144 dotycz\u0105cych przetwarzania danych osobowych, w tym wykonywania powy\u017cszych praw, mo\u017cna skontaktowa\u0107 si\u0119 z nasz\u0105 osob\u0105 odpowiedzialn\u0105, kt\u00f3r\u0105 reprezentuje EuroTRADING s.r.o. (www.eurotrading.sk), poczt\u0105 elektroniczn\u0105 na adres zo@eurotrading.sk.\u00a0 Odpowiednio zbadamy wszystkie sugestie i skargi oraz prze\u015blemy o\u015bwiadczenie.<\/span><\/p>\r\n<p><span style=\"font-weight: 400;\">\u00a0<\/span><\/p>\r\n<p><span style=\"font-weight: 400;\">Je\u015bli u\u017cytkownik nie jest usatysfakcjonowany nasz\u0105 odpowiedzi\u0105 lub uwa\u017ca, \u017ce przetwarzamy jego dane osobowe w spos\u00f3b nieuczciwy lub niezgodny z prawem, mo\u017ce z\u0142o\u017cy\u0107 skarg\u0119 do organu nadzorczego, kt\u00f3rym jest Urz\u0105d Ochrony Danych Osobowych Republiki S\u0142owackiej, https:\/\/dataprotection.gov.sk, Hrani\u010dn\u00e1 12, 820 07 Bratislava 27; nr tel.: +421 \/2\/ 3231 3214; E-mail: statny.dozor@pdp.gov.sk.<\/span><\/p>\r\n<p><span style=\"font-weight: 400;\">\u00a0<\/span><\/p>\r\n<p><b>Zmiany w przetwarzaniu plik\u00f3w cookie w \u015bwietle nowej ustawy o \u0142\u0105czno\u015bci elektronicznej<\/b><\/p>\r\n<p><b>Zmiany wchodz\u0105 w \u017cycie z dniem 01.02.2022 r.<\/b><\/p>\r\n<p><b>\u00a0<\/b><\/p>\r\n<p><b>Cookies<\/b><\/p>\r\n<p><b>Czym s\u0105 pliki cookie?<\/b><\/p>\r\n<p><span style=\"font-weight: 400;\">Pliki cookie mo\u017cna scharakteryzowa\u0107 jako plik tekstowy przechowywany na urz\u0105dzeniu ko\u0144cowym (komputerze lub urz\u0105dzeniu mobilnym) odwiedzaj\u0105cego witryn\u0119. Plik jest przechowywany lokalnie, gdy u\u017cytkownik odwiedza witryn\u0119. Pliki cookie pozwalaj\u0105 nam r\u00f3wnie\u017c analizowa\u0107 korzystanie z naszej strony internetowej. Plik ten nie mo\u017ce zawiera\u0107 \u017cadnych danych osobowych, a u\u017cytkownik nie mo\u017ce zosta\u0107 zidentyfikowany za jego po\u015brednictwem na stronach internetowych os\u00f3b trzecich &#8211; w tym na stronach dostawc\u00f3w us\u0142ug analitycznych. Wymagana jest zgoda.<\/span><\/p>\r\n<p><span style=\"font-weight: 400;\">\u00a0<\/span><\/p>\r\n<p><b>Jakich plik\u00f3w cookie u\u017cywamy w oparciu o r\u00f3\u017cne kryteria:<\/b><\/p>\r\n<p><span style=\"font-weight: 400;\">U\u017cywamy tylko niezb\u0119dnych plik\u00f3w cookie, kt\u00f3re umo\u017cliwiaj\u0105 prawid\u0142owe dzia\u0142anie naszej witryny.<\/span><\/p>\r\n<p><span style=\"font-weight: 400;\">Dzielimy je na:<\/span><\/p>\r\n<p><span style=\"font-weight: 400;\">tymczasowe (sesyjne) pliki cookie (s\u0105 automatycznie usuwane po zamkni\u0119ciu przegl\u0105darki internetowej)<\/span><\/p>\r\n<p><span style=\"font-weight: 400;\">trwa\u0142e pliki cookie (pozostaj\u0105 zapisane na dysku nawet po zamkni\u0119ciu przegl\u0105darki internetowej)<\/span><\/p>\r\n<p><span style=\"font-weight: 400;\">pliki cookie stron trzecich, kt\u00f3re s\u0105 tworzone przez stron\u0119 inn\u0105 ni\u017c operator strony internetowej<\/span><\/p>\r\n<p><span style=\"font-weight: 400;\">w\u0142asne pliki cookie &#8211; wykorzystywane do analizy strony internetowej (statystyczna ocena ruchu na stronie internetowej)<\/span><\/p>\r\n<p><span style=\"font-weight: 400;\">\u00a0<\/span><\/p>\r\n<p><span style=\"font-weight: 400;\">Takie przetwarzanie danych odbywa si\u0119 zgodnie z postanowieniami \u00a7 55 ust. 5 ustawy nr 351\/2011 Dz.U. o komunikacji elektronicznej (ustawa obowi\u0105zuje do 31.1.2021 r.). Od 01.02.2022 r. wchodzi w \u017cycie nowa ustawa 452\/2021 Dz.U. o komunikacji elektronicznej. \u00a7 109 ust. 8 wymaga obowi\u0105zku uzyskania wyra\u017anej zgody na uzyskanie informacji z urz\u0105dzenia ko\u0144cowego odwiedzaj\u0105cego stron\u0119 internetow\u0105.<\/span><\/p>\r\n<p><span style=\"font-weight: 400;\">\u00a0<\/span><\/p>\r\n<p><b>Zgoda\u00a0<\/b><span style=\"font-weight: 400;\">zgodnie z art. 6 ust. 1 lit. a) rozporz\u0105dzenia jest wymagana do przetwarzania plik\u00f3w cookie w nast\u0119puj\u0105cych przypadkach:<\/span><\/p>\r\n<ul>\r\n<li style=\"font-weight: 400;\" aria-level=\"1\"><span style=\"font-weight: 400;\">kt\u00f3re s\u0105 wykorzystywane do technicznego przechowywania danych lub dost\u0119pu do nich;<\/span><\/li>\r\n<li style=\"font-weight: 400;\" aria-level=\"1\"><span style=\"font-weight: 400;\">kt\u00f3rych celem jest przesy\u0142anie lub u\u0142atwianie przesy\u0142ania wiadomo\u015bci przez sie\u0107;<\/span><\/li>\r\n<li style=\"font-weight: 400;\" aria-level=\"1\"><span style=\"font-weight: 400;\">kt\u00f3re s\u0105 niezb\u0119dne dostawcy us\u0142ug spo\u0142ecze\u0144stwa informacyjnego do \u015bwiadczenia us\u0142ugi spo\u0142ecze\u0144stwa informacyjnego wyra\u017anie zam\u00f3wionej przez u\u017cytkownika<\/span><\/li>\r\n<li style=\"font-weight: 400;\" aria-level=\"1\"><span style=\"font-weight: 400;\">musz\u0105 przechowywa\u0107 dow\u00f3d zgody odwiedzaj\u0105cego na wybran\u0105 grup\u0119 plik\u00f3w cookie<\/span><\/li>\r\n<\/ul>\r\n<p><span style=\"font-weight: 400;\">\u00a0<\/span><\/p>\r\n<p><span style=\"font-weight: 400;\">Mo\u017cliwe jest korzystanie z plik\u00f3w cookie (np. statystycznych plik\u00f3w cookie) bez zgody odwiedzaj\u0105cego witryn\u0119. Techniczne pliki cookie musz\u0105 by\u0107 u\u017cywane w spos\u00f3b ci\u0105g\u0142y, w przeciwnym razie witryna nie b\u0119dzie dzia\u0142a\u0107 (okno czatu), dlatego operator nie potrzebuje na nie zgody. Techniczne pliki cookie obejmuj\u0105 \u015bledzenie liczby odwiedzaj\u0105cych witryn\u0119 bez dalszej identyfikacji. \u00a0<\/span><\/p>\r\n<p><span style=\"font-weight: 400;\">\u00a0<\/span><\/p>\r\n<p><span style=\"font-weight: 400;\">Osoba, kt\u00f3rej dane dotycz\u0105, ma prawo w dowolnym momencie wycofa\u0107 zgod\u0119 na przetwarzanie dotycz\u0105cych jej danych osobowych. Osoba, kt\u00f3rej dane dotycz\u0105, mo\u017ce wycofa\u0107 zgod\u0119 w taki sam spos\u00f3b, w jaki jej udzieli\u0142a. Zgoda nie zostanie uznana za udzielon\u0105 dobrowolnie, je\u017celi osoba, kt\u00f3rej dane dotycz\u0105, nie ma swobodnego wyboru w zakresie wyra\u017cenia zgody. Zgoda nie mo\u017ce by\u0107 predefiniowana, musi by\u0107 udzielona aktywnie przez u\u017cytkownika. Nie zalecamy gromadzenia innych plik\u00f3w cookie na podstawie tak zwanego uzasadnionego interesu administratora. \u00a0<\/span><\/p>\r\n<p><span style=\"font-weight: 400;\">\u00a0<\/span><\/p>\r\n<p><span style=\"font-weight: 400;\">Pasek plik\u00f3w cookie nie jest konieczny, je\u015bli witryna nie przetwarza \u017cadnych danych.<\/span><\/p>\r\n<p><span style=\"font-weight: 400;\">\u00a0<\/span><\/p>\r\n<p><b>Og\u00f3lne zasady korzystania z plik\u00f3w cookie:<\/b><\/p>\r\n<p><b>Krok nr 1:<\/b><\/p>\r\n<ul>\r\n<li style=\"font-weight: 400;\" aria-level=\"1\"><span style=\"font-weight: 400;\">Konieczne jest, aby operator zbada\u0142 stron\u0119 internetow\u0105, np. jakie pliki cookie przetwarza, do czego je wykorzystuje, a tak\u017ce w jakim celu je wykorzystuje<\/span><\/li>\r\n<li style=\"font-weight: 400;\" aria-level=\"1\"><span style=\"font-weight: 400;\">Analizuj\u0105c wykorzystanie plik\u00f3w cookie w danej witrynie internetowej, zalecamy ocen\u0119 konieczno\u015bci i korzy\u015bci zwi\u0105zanych z ka\u017cdym rodzajem plik\u00f3w cookie. Prost\u0105 zasad\u0105 jest to, \u017ce je\u015bli niekt\u00f3re pliki cookie nie s\u0105 nawet potrzebne operatorowi, lepiej jest je ca\u0142kowicie usun\u0105\u0107 ze strony internetowej<\/span><\/li>\r\n<\/ul>\r\n<p><span style=\"font-weight: 400;\">\u00a0<\/span><\/p>\r\n<p><b>Krok nr 2:<\/b><\/p>\r\n<p><span style=\"font-weight: 400;\">Na stronie internetowej nale\u017cy utworzy\u0107 pasek plik\u00f3w cookie o nast\u0119puj\u0105cej charakterystyce:<\/span><\/p>\r\n<ul>\r\n<li style=\"font-weight: 400;\" aria-level=\"1\"><span style=\"font-weight: 400;\">Mo\u017cliwo\u015b\u0107 zamkni\u0119cia paska ciasteczek krzy\u017cykiem<\/span><\/li>\r\n<li style=\"font-weight: 400;\" aria-level=\"1\"><span style=\"font-weight: 400;\">Pasek nie powinien blokowa\u0107 przegl\u0105dania stron internetowych<\/span><\/li>\r\n<li style=\"font-weight: 400;\" aria-level=\"1\"><span style=\"font-weight: 400;\">Podczas odwiedzania witryny pasek plik\u00f3w cookie nie powinien irytowa\u0107 odwiedzaj\u0105cego witryn\u0119<\/span><\/li>\r\n<li style=\"font-weight: 400;\" aria-level=\"1\"><span style=\"font-weight: 400;\">U\u017cytkownik powinien zaakceptowa\u0107 pliki cookie lub odrzuci\u0107 je przy pierwszej nadarzaj\u0105cej si\u0119 okazji<\/span><\/li>\r\n<li style=\"font-weight: 400;\" aria-level=\"1\"><span style=\"font-weight: 400;\">Administrator strony internetowej (technik IT) mo\u017ce stworzy\u0107 w\u0142asny pasek plik\u00f3w cookie lub zakupi\u0107 gotowe rozwi\u0105zanie programowe<\/span><\/li>\r\n<li style=\"font-weight: 400;\" aria-level=\"1\"><span style=\"font-weight: 400;\">Mo\u017cliwo\u015b\u0107 przej\u015bcia do ustawie\u0144 plik\u00f3w cookie i wybrania, kt\u00f3re pliki cookie maj\u0105 by\u0107 akceptowane, a kt\u00f3re nie, je\u015bli udost\u0119pniamy pliki cookie stronom trzecim, np. Facebookowi (u\u017cywany jest piksel Facebooka), konieczne jest uzyskanie zg\u00f3d nie tylko dla danych cel\u00f3w, ale tak\u017ce dla stron trzecich<\/span><\/li>\r\n<li style=\"font-weight: 400;\" aria-level=\"1\"><span style=\"font-weight: 400;\">Osoba odwiedzaj\u0105ca stron\u0119 internetow\u0105 musi mie\u0107 mo\u017cliwo\u015b\u0107 powrotu do udzielonej zgody na korzystanie z plik\u00f3w cookie i jej zmiany w dowolnym momencie (osoba odwiedzaj\u0105ca stron\u0119 internetow\u0105 mo\u017ce zmieni\u0107 decyzj\u0119 w ustawieniach przegl\u0105darki)<\/span><\/li>\r\n<li style=\"font-weight: 400;\" aria-level=\"1\"><span style=\"font-weight: 400;\">W przypadku skutecznego wycofania zgody na przetwarzanie danej kategorii plik\u00f3w cookie, przetwarzanie tych plik\u00f3w musi zosta\u0107 natychmiast wstrzymane. Udzielona zgoda musi by\u0107 odwo\u0142ywalna w dowolnym momencie, a jej cofni\u0119cie powinno by\u0107 tak \u0142atwe, jak jej uzyskanie &#8211; tj. je\u015bli ustawiono 1 klikni\u0119cie w celu uzyskania zgody, taka sama liczba klikni\u0119\u0107 powinna by\u0107 ustawiona w celu cofni\u0119cia zgody<\/span><\/li>\r\n<li style=\"font-weight: 400;\" aria-level=\"1\"><span style=\"font-weight: 400;\">W przypadku jakichkolwiek zmian w przetwarzaniu danych osobowych za po\u015brednictwem plik\u00f3w cookie nale\u017cy ponownie poprosi\u0107 o zgod\u0119 na przetwarzanie<\/span><\/li>\r\n<\/ul>\r\n<ul>\r\n<li style=\"font-weight: 400;\" aria-level=\"1\"><span style=\"font-weight: 400;\">Na pierwszej warstwie paska plik\u00f3w cookie operator witryny musi mie\u0107 przyciski (A) \u201e<\/span><b>EDYTUJ OPCJE<\/b><span style=\"font-weight: 400;\">\u201d x \u201e <\/span><b>AKCEPTUJ WSZYSTKIE<\/b><span style=\"font-weight: 400;\">\u201d x \u201e<\/span><b>ODRZU\u0106 WSZYSTKIE<\/b><span style=\"font-weight: 400;\">\u201d;<\/span><\/li>\r\n<li style=\"font-weight: 400;\" aria-level=\"1\"><span style=\"font-weight: 400;\">Je\u015bli strona internetowa jest zarz\u0105dzana lub dane osobowe s\u0105 przetwarzane przez zewn\u0119trzn\u0105 firm\u0119\/przedsi\u0119biorstwo, konieczne jest zawarcie umowy po\u015brednictwa z tym podmiotem.<\/span><\/li>\r\n<\/ul>\r\n<p><b>Krok nr 3:<\/b><\/p>\r\n<p><span style=\"font-weight: 400;\">Obowi\u0105zek informacyjny w \u015bwietle RODO:<\/span><\/p>\r\n<ul>\r\n<li style=\"font-weight: 400;\" aria-level=\"1\"><span style=\"font-weight: 400;\">jakie pliki cookie b\u0119d\u0105 przetwarzane na stronie internetowej administratora<\/span><\/li>\r\n<li style=\"font-weight: 400;\" aria-level=\"1\"><span style=\"font-weight: 400;\">jaki jest cel przetwarzania danych<\/span><\/li>\r\n<li style=\"font-weight: 400;\" aria-level=\"1\"><span style=\"font-weight: 400;\">podstawa prawna<\/span><\/li>\r\n<li style=\"font-weight: 400;\" aria-level=\"1\"><span style=\"font-weight: 400;\">okres przetwarzania (zalecamy zminimalizowanie przetwarzania) jest ograniczony do maksymalnie 13 miesi\u0119cy od daty ostatniej wizyty<\/span><\/li>\r\n<li style=\"font-weight: 400;\" aria-level=\"1\"><span style=\"font-weight: 400;\">odbiorcy<\/span><\/li>\r\n<li style=\"font-weight: 400;\" aria-level=\"1\"><span style=\"font-weight: 400;\">dane kontaktowe operatora<\/span><\/li>\r\n<li style=\"font-weight: 400;\" aria-level=\"1\"><span style=\"font-weight: 400;\">prawa osoby, kt\u00f3rej dane dotycz\u0105<\/span><\/li>\r\n<\/ul>\r\n<p><span style=\"font-weight: 400;\">\u00a0<\/span><\/p>\r\n<p><span style=\"font-weight: 400;\">\u00a0<\/span><\/p>\r\n<p><b>Podsumowanie:<\/b><\/p>\r\n<ol>\r\n<li style=\"font-weight: 400;\" aria-level=\"1\"><span style=\"font-weight: 400;\">Urz\u0105d Regulacji Komunikacji Elektronicznej i Us\u0142ug Pocztowych mo\u017ce na\u0142o\u017cy\u0107 na osob\u0119 prawn\u0105 lub fizyczn\u0105 (przedsi\u0119biorc\u0119), kt\u00f3ry narusza \u00a7 109 ustawy 452\/2021 Dz.U. grzywn\u0119 w wysoko\u015bci od 200 EUR do 10% obrotu, o kt\u00f3rym mowa w ust. 6, za poprzedni okres rozliczeniowy w rozumieniu \u00a7 124 ust. 1 tej ustawy.<\/span><\/li>\r\n<\/ol>\r\n<p><span style=\"font-weight: 400;\">\u00a0<\/span><\/p>\r\n<ol>\r\n<li style=\"font-weight: 400;\" aria-level=\"1\"><span style=\"font-weight: 400;\">Organ ochrony danych mo\u017ce na\u0142o\u017cy\u0107 grzywn\u0119 za nieprzestrzeganie obowi\u0105zk\u00f3w wynikaj\u0105cych z rozporz\u0105dzenia w sprawie plik\u00f3w cookie (w szczeg\u00f3lno\u015bci zgody na przetwarzanie plik\u00f3w cookie i przejrzystych informacji na temat przetwarzania plik\u00f3w cookie) w wysoko\u015bci\u00a0<\/span><b>do 20 000 000 EUR lub 4% ca\u0142kowitego rocznego obrotu grupy<\/b><span style=\"font-weight: 400;\">.<\/span><\/li>\r\n<\/ol>\r\n<p>&nbsp;<\/p>","protected":false},"excerpt":{"rendered":"<p>IMPOZANT, s.r.o., Z\u00e1borsk\u00e9ho 2, Martin 03645, nr identyfikacyjny firmy: 44511612 jako administrator danych, w celu zachowania uczciwo\u015bci i przejrzysto\u015bci wobec os\u00f3b, kt\u00f3rych dane dotycz\u0105, przekazuje osobie, kt\u00f3rej dane dotycz\u0105, nast\u0119puj\u0105ce informacje dotycz\u0105ce przetwarzania danych osobowych zgodnie z art. 13 i 14 rozporz\u0105dzenia Parlamentu Europejskiego i Rady (UE) 2016\/679 z dnia&#8230;<\/p>\n","protected":false},"author":1,"featured_media":9326,"parent":0,"menu_order":0,"comment_status":"closed","ping_status":"closed","template":"","meta":{"_acf_changed":false,"inline_featured_image":false,"footnotes":""},"class_list":["post-7208","page","type-page","status-publish","has-post-thumbnail","hentry"],"acf":[],"_links":{"self":[{"href":"https:\/\/impozant.sk\/pl\/wp-json\/wp\/v2\/pages\/7208","targetHints":{"allow":["GET"]}}],"collection":[{"href":"https:\/\/impozant.sk\/pl\/wp-json\/wp\/v2\/pages"}],"about":[{"href":"https:\/\/impozant.sk\/pl\/wp-json\/wp\/v2\/types\/page"}],"author":[{"embeddable":true,"href":"https:\/\/impozant.sk\/pl\/wp-json\/wp\/v2\/users\/1"}],"replies":[{"embeddable":true,"href":"https:\/\/impozant.sk\/pl\/wp-json\/wp\/v2\/comments?post=7208"}],"version-history":[{"count":2,"href":"https:\/\/impozant.sk\/pl\/wp-json\/wp\/v2\/pages\/7208\/revisions"}],"predecessor-version":[{"id":9554,"href":"https:\/\/impozant.sk\/pl\/wp-json\/wp\/v2\/pages\/7208\/revisions\/9554"}],"wp:featuredmedia":[{"embeddable":true,"href":"https:\/\/impozant.sk\/pl\/wp-json\/wp\/v2\/media\/9326"}],"wp:attachment":[{"href":"https:\/\/impozant.sk\/pl\/wp-json\/wp\/v2\/media?parent=7208"}],"curies":[{"name":"wp","href":"https:\/\/api.w.org\/{rel}","templated":true}]}}